{"id":2177,"date":"2025-09-25T10:49:35","date_gmt":"2025-09-25T08:49:35","guid":{"rendered":"https:\/\/prosoltec-solarsysteme.de\/proteccion-de-datos\/"},"modified":"2026-02-27T12:51:50","modified_gmt":"2026-02-27T11:51:50","slug":"proteccion-de-datos","status":"publish","type":"page","link":"https:\/\/prosoltec-solarsysteme.de\/es\/proteccion-de-datos\/","title":{"rendered":"Protecci\u00f3n de datos"},"content":{"rendered":"\t\t<div data-elementor-type=\"wp-page\" data-elementor-id=\"2177\" class=\"elementor elementor-2177 elementor-845\" data-elementor-post-type=\"page\">\n\t\t\t\t<div class=\"elementor-element elementor-element-5d95219 e-flex e-con-boxed e-con e-parent\" data-id=\"5d95219\" data-element_type=\"container\" data-e-type=\"container\" data-settings=\"{&quot;background_background&quot;:&quot;classic&quot;}\">\n\t\t\t\t\t<div class=\"e-con-inner\">\n\t\t<div class=\"elementor-element elementor-element-a6d96bb e-con-full e-flex e-con e-child\" data-id=\"a6d96bb\" data-element_type=\"container\" data-e-type=\"container\">\n\t\t<div class=\"elementor-element elementor-element-845684f e-con-full e-flex e-con e-child\" data-id=\"845684f\" data-element_type=\"container\" data-e-type=\"container\">\n\t\t\t\t<div class=\"elementor-element elementor-element-e14e9b8 elementor-widget__width-inherit elementor-widget-tablet__width-inherit elementor-widget-mobile__width-inherit elementor-widget elementor-widget-heading\" data-id=\"e14e9b8\" data-element_type=\"widget\" data-e-type=\"widget\" data-widget_type=\"heading.default\">\n\t\t\t\t\t<h1 class=\"elementor-heading-title elementor-size-default\">Protecci\u00f3n de datos<\/h1>\t\t\t\t<\/div>\n\t\t\t\t<\/div>\n\t\t\t\t<\/div>\n\t\t\t\t\t<\/div>\n\t\t\t\t<\/div>\n\t\t<div class=\"elementor-element elementor-element-1ac247fc e-flex e-con-boxed e-con e-parent\" data-id=\"1ac247fc\" data-element_type=\"container\" data-e-type=\"container\">\n\t\t\t\t\t<div class=\"e-con-inner\">\n\t\t\t\t<div class=\"elementor-element elementor-element-117988eb elementor-widget elementor-widget-text-editor\" data-id=\"117988eb\" data-element_type=\"widget\" data-e-type=\"widget\" data-widget_type=\"text-editor.default\">\n\t\t\t\t\t\t\t\t\t<section class=\"privacy-policy\">\n\n  <h1>Pol\u00edtica de privacidad<\/h1>\n\n\n  <h2>1. Responsable del tratamiento<\/h2>\n  <p>\n  PROSOLTEC Solarsysteme GmbH<br> Bonnstr. 15<br> 50226 Frechen<br> Alemania \n  <\/p>\n  <p>\n  Representada por: Javier Pastor Teverga (Director General)<br> Tel\u00e9fono: +49 (0) 2234 4300610<br> Telefax: +49 (0) 2234 2001093<br> Correo electr\u00f3nico: <a href=\"mailto:info@prosoltec-solarsysteme.de\">info@prosoltec-solarsysteme.de<\/a>\n  <\/p>\n  <p>\n  Registro mercantil: HRB 76797<br> Tribunal de registro: Amtsgericht K\u00f6ln<br> N.\u00ba IVA: DE285598989\n  <\/p>\n\n  <!-- Falls vorhanden, erg\u00e4nzen:\n  <h2>2. Datenschutzbeauftragter<\/h2>\n  <p>Den Datenschutzbeauftragten erreichen Sie unter: ...<\/p>\n  -->\n\n  <h2>2. Notas generales sobre el tratamiento de datos<\/h2>\n  <p>\n  Tratamos los datos personales \u00fanicamente en la medida necesaria para proporcionar un sitio web funcional,\n para procesar consultas o sobre la base de su consentimiento.\n  <\/p>\n  <p>\n  Las bases legales son, en particular, el Art. 6 apdo. 1 letra a del RGPD (consentimiento),\n el Art. 6 apdo. 1 letra b del RGPD (contrato\/medidas precontractuales) y el Art. 6 apdo. 1 letra f del RGPD (inter\u00e9s leg\u00edtimo).      \n  <\/p>\n\n  <h2>3. Alojamiento<\/h2>\n  <p>\n  Este sitio web est\u00e1 alojado en STRATO AG (Otto-Ostrowski-Stra\u00dfe 7, 10249 Berl\u00edn, Alemania).\n  STRATO trata los datos personales como encargado del tratamiento en el marco de un contrato de encargo de tratamiento.\n  <\/p>\n\n  <h3>Archivos de registro del servidor<\/h3>\n  <p>\n  Al acceder a nuestro sitio web, el proveedor de alojamiento recopila y almacena autom\u00e1ticamente informaci\u00f3n en los llamados\n archivos de registro del servidor. Estos pueden incluir: tipo y versi\u00f3n del navegador,\n sistema operativo utilizado, URL de referencia, nombre de host del ordenador que accede, hora de la solicitud al servidor\n y la direcci\u00f3n IP. \n  <\/p>\n  <p>\n  El tratamiento se lleva a cabo para garantizar la estabilidad, la seguridad y el an\u00e1lisis de errores (Art. 6 apdo. 1 letra f del RGPD).\n Seg\u00fan el proveedor de alojamiento, las direcciones IP se almacenan durante un m\u00e1ximo de siete d\u00edas para la detecci\u00f3n y defensa contra ataques.\n\n  <\/p>\n\n  <h2>4. Cookies y gesti\u00f3n de consentimientos (Borlabs Cookie)<\/h2>\n  <p>\n  Utilizamos Borlabs Cookie para obtener y documentar los consentimientos para determinados tratamientos de datos (p. ej., contenidos externos).\n En este proceso, se almacena la informaci\u00f3n del consentimiento (p. ej., selecci\u00f3n\/estado, marca de tiempo)\n para cumplir con las obligaciones legales de prueba (Art. 6 apdo. 1 letra c del RGPD), as\u00ed como sobre la base de nuestro\n inter\u00e9s leg\u00edtimo en una gesti\u00f3n de consentimientos conforme a la ley (Art. 6 apdo. 1 letra f del RGPD). \n  <\/p>\n\n  <p>\n    <strong>Cambiar la configuraci\u00f3n de cookies:<\/strong>\n    <span class=\"borlabs-cookie-open-dialog-preferences brlbs-cmpnt-container\" data-borlabs-cookie-title=\"Abrir configuraci\u00f3n de cookies\" data-borlabs-cookie-type=\"button\" ><\/span>\n  <\/p>\n\n  <h2>5. Contacto<\/h2>\n\n  <h3>Contacto por correo electr\u00f3nico\/tel\u00e9fono\/fax<\/h3>\n  <p>\n  Si se pone en contacto con nosotros (p. ej., por correo electr\u00f3nico, tel\u00e9fono o fax), trataremos sus datos para procesar\n la consulta y en caso de que surjan preguntas adicionales. La base legal es el Art. 6 apdo. 1 letra b del RGPD (medidas precontractuales\/ejecuci\u00f3n\n de un contrato) o el Art. 6 apdo. 1 letra f del RGPD (inter\u00e9s leg\u00edtimo en una comunicaci\u00f3n eficiente).     \n  <\/p>\n\n  <h3>Formulario de contacto<\/h3>\n  <p>\n  Si nos env\u00eda consultas a trav\u00e9s del formulario de contacto, sus datos del formulario, incluidos\n los datos de contacto que proporcione all\u00ed, se almacenar\u00e1n para procesar la consulta.\n La base legal es el Art. 6 apdo. 1 letra b del RGPD (medidas precontractuales\/ejecuci\u00f3n de un contrato) o el Art. 6 apdo. 1 letra f del RGPD.    \n  <\/p>\n\n  \n\n  <h2>6. Google Maps (solo con consentimiento)<\/h2>\n  <p>\n  En nuestro sitio web integramos Google Maps. El proveedor es Google Ireland Limited, Gordon House, Barrow Street,\n Dubl\u00edn 4, Irlanda (\u201cGoogle\u201d). \n  <\/p>\n  <p>\n  Google Maps est\u00e1 bloqueado por defecto y solo se cargar\u00e1 tras su consentimiento (Art. 6 apdo. 1 letra a del RGPD).\n Al activarlo, su direcci\u00f3n IP puede ser transmitida a Google; adem\u00e1s, se pueden utilizar cookies o tecnolog\u00edas similares.\n En este proceso, no se puede excluir la transferencia de datos a terceros pa\u00edses (p. ej., EE. UU.). \n\n\n  <h2>7. Google Fonts integradas localmente<\/h2>\n  <p>\n  Utilizamos fuentes que est\u00e1n integradas localmente en nuestro servidor. De este modo, no se establece ninguna conexi\u00f3n\n con los servidores de Google y no se transmiten datos personales a Google. \n  <\/p>\n\n  <h2>8. Cifrado SSL\/TLS<\/h2>\n  <p>\n  Este sitio web utiliza el cifrado SSL\/TLS por razones de seguridad y para proteger la transmisi\u00f3n de contenidos confidenciales.\n Puede reconocer una conexi\u00f3n cifrada porque la l\u00ednea de direcci\u00f3n del navegador\n cambia de \u201chttp:\/\/\u201d a \u201chttps:\/\/\u201d. \n  <\/p>\n\n  <h2>9. Plazo de conservaci\u00f3n<\/h2>\n  <p>\n  Los datos personales se eliminar\u00e1n tan pronto como deje de existir la finalidad del tratamiento y no existan obligaciones legales\n de conservaci\u00f3n que lo impidan. Por lo general, solo almacenamos las consultas de contacto durante el tiempo\n que sea necesario para su procesamiento y se prevean posibles preguntas posteriores. \n  <\/p>\n\n  <h2>10. Sus derechos<\/h2>\n  <p>En el marco del RGPD, usted tiene, en particular, los siguientes derechos:<\/p>\n  <ul>\n    <li>Derecho de acceso (Art. 15 del RGPD)<\/li>\n    <li>Derecho de rectificaci\u00f3n (Art. 16 del RGPD)<\/li>\n    <li>Derecho de supresi\u00f3n (Art. 17 del RGPD)<\/li>\n    <li>Derecho a la limitaci\u00f3n del tratamiento (Art. 18 del RGPD)<\/li>\n    <li>Derecho a la portabilidad de los datos (Art. 20 del RGPD)<\/li>\n    <li>Derecho de oposici\u00f3n al tratamiento (Art. 21 del RGPD)<\/li>\n    <li>Derecho a retirar el consentimiento (Art. 7 apdo. 3 del RGPD), con efecto para el futuro<\/li>\n    <li>Derecho a presentar una reclamaci\u00f3n ante una autoridad de control (Art. 77 del RGPD)<\/li>\n  <\/ul>\n\n  <h2>11. Modificaci\u00f3n de esta pol\u00edtica de privacidad<\/h2>\n  <p>\n  Nos reservamos el derecho de adaptar esta pol\u00edtica de privacidad para que cumpla siempre con los requisitos legales actuales\n o para reflejar cambios en nuestros servicios.\n  <\/p>\n\n<\/section>\n\t\t\t\t\t\t\t\t<\/div>\n\t\t\t\t\t<\/div>\n\t\t\t\t<\/div>\n\t\t\t\t<\/div>\n\t\t","protected":false},"excerpt":{"rendered":"<p>Protecci\u00f3n de datos Pol\u00edtica de privacidad 1. Responsable del tratamiento PROSOLTEC Solarsysteme GmbH Bonnstr. 15 50226 Frechen Alemania Representada por: Javier Pastor Teverga (Director General) Tel\u00e9fono: +49 (0) 2234 4300610 Telefax: +49 (0) 2234 2001093 Correo electr\u00f3nico: info@prosoltec-solarsysteme.de Registro mercantil: HRB 76797 Tribunal de registro: Amtsgericht K\u00f6ln N.\u00ba IVA: DE285598989 2. Notas generales sobre el [&hellip;]<\/p>\n","protected":false},"author":3,"featured_media":0,"parent":0,"menu_order":0,"comment_status":"closed","ping_status":"closed","template":"","meta":{"footnotes":""},"class_list":["post-2177","page","type-page","status-publish","hentry"],"_links":{"self":[{"href":"https:\/\/prosoltec-solarsysteme.de\/es\/wp-json\/wp\/v2\/pages\/2177","targetHints":{"allow":["GET"]}}],"collection":[{"href":"https:\/\/prosoltec-solarsysteme.de\/es\/wp-json\/wp\/v2\/pages"}],"about":[{"href":"https:\/\/prosoltec-solarsysteme.de\/es\/wp-json\/wp\/v2\/types\/page"}],"author":[{"embeddable":true,"href":"https:\/\/prosoltec-solarsysteme.de\/es\/wp-json\/wp\/v2\/users\/3"}],"replies":[{"embeddable":true,"href":"https:\/\/prosoltec-solarsysteme.de\/es\/wp-json\/wp\/v2\/comments?post=2177"}],"version-history":[{"count":1,"href":"https:\/\/prosoltec-solarsysteme.de\/es\/wp-json\/wp\/v2\/pages\/2177\/revisions"}],"predecessor-version":[{"id":2178,"href":"https:\/\/prosoltec-solarsysteme.de\/es\/wp-json\/wp\/v2\/pages\/2177\/revisions\/2178"}],"wp:attachment":[{"href":"https:\/\/prosoltec-solarsysteme.de\/es\/wp-json\/wp\/v2\/media?parent=2177"}],"curies":[{"name":"wp","href":"https:\/\/api.w.org\/{rel}","templated":true}]}}